{"id":581,"date":"2025-10-24T09:24:34","date_gmt":"2025-10-24T07:24:34","guid":{"rendered":"https:\/\/condedevalicourt.pruebasweb.com.es\/?page_id=581"},"modified":"2025-11-05T11:45:05","modified_gmt":"2025-11-05T10:45:05","slug":"avis-legal","status":"publish","type":"page","link":"https:\/\/condedevalicourt.com\/ca\/avis-legal\/","title":{"rendered":"Avis legal"},"content":{"rendered":"<p><div class=\"fusion-fullwidth fullwidth-box fusion-builder-row-1 fusion-flex-container has-pattern-background has-mask-background hundred-percent-fullwidth non-hundred-percent-height-scrolling\" style=\"--awb-border-radius-top-left:0px;--awb-border-radius-top-right:0px;--awb-border-radius-bottom-right:0px;--awb-border-radius-bottom-left:0px;--awb-flex-wrap:wrap;\" ><div class=\"fusion-builder-row fusion-row fusion-flex-align-items-flex-start fusion-flex-content-wrap\" style=\"width:104% !important;max-width:104% !important;margin-left: calc(-4% \/ 2 );margin-right: calc(-4% \/ 2 );\"><div class=\"fusion-layout-column fusion_builder_column fusion-builder-column-0 fusion_builder_column_1_1 1_1 fusion-flex-column\" style=\"--awb-bg-size:cover;--awb-width-large:100%;--awb-margin-top-large:0px;--awb-spacing-right-large:1.92%;--awb-margin-bottom-large:20px;--awb-spacing-left-large:1.92%;--awb-width-medium:100%;--awb-order-medium:0;--awb-spacing-right-medium:1.92%;--awb-spacing-left-medium:1.92%;--awb-width-small:100%;--awb-order-small:0;--awb-spacing-right-small:1.92%;--awb-spacing-left-small:1.92%;\"><div class=\"fusion-column-wrapper fusion-column-has-shadow fusion-flex-justify-content-flex-start fusion-content-layout-column\"><div class=\"fusion-title title fusion-title-1 fusion-sep-none fusion-title-text fusion-title-size-one\" style=\"--awb-text-color:var(--awb-color6);--awb-margin-top-small:10px;--awb-margin-right-small:0px;--awb-margin-bottom-small:10px;--awb-margin-left-small:0px;--awb-font-size:19px;\"><h1 class=\"fusion-title-heading title-heading-right fusion-responsive-typography-calculated\" style=\"margin:0;font-size:1em;--fontSize:19;--minFontSize:19;line-height:var(--awb-typography1-line-height);\">Your Content Goes Here<\/h1><\/div><nav class=\"fusion-breadcrumbs awb-yoast-breadcrumbs fusion-breadcrumbs-1\" style=\"--awb-alignment:right;--awb-font-size:12px;--awb-breadcrumb-sep:&#039;\/&#039;;text-align:right;\" aria-label=\"Breadcrumb\"><ol class=\"awb-breadcrumb-list\"><li class=\"fusion-breadcrumb-item awb-breadcrumb-sep awb-home\" ><a href=\"https:\/\/condedevalicourt.com\/ca\/\" class=\"fusion-breadcrumb-link\"><span >Inicio<\/span><\/a><\/li><\/ol><\/nav><\/div><\/div><\/div><\/div><div class=\"fusion-fullwidth fullwidth-box fusion-builder-row-2 fusion-flex-container has-pattern-background has-mask-background nonhundred-percent-fullwidth non-hundred-percent-height-scrolling\" style=\"--awb-border-radius-top-left:0px;--awb-border-radius-top-right:0px;--awb-border-radius-bottom-right:0px;--awb-border-radius-bottom-left:0px;--awb-margin-bottom:60px;--awb-flex-wrap:wrap;\" ><div class=\"fusion-builder-row fusion-row fusion-flex-align-items-flex-start fusion-flex-content-wrap\" style=\"max-width:1248px;margin-left: calc(-4% \/ 2 );margin-right: calc(-4% \/ 2 );\"><div class=\"fusion-layout-column fusion_builder_column fusion-builder-column-1 fusion_builder_column_1_1 1_1 fusion-flex-column\" style=\"--awb-bg-size:cover;--awb-width-large:100%;--awb-margin-top-large:0px;--awb-spacing-right-large:1.92%;--awb-margin-bottom-large:20px;--awb-spacing-left-large:1.92%;--awb-width-medium:100%;--awb-order-medium:0;--awb-spacing-right-medium:1.92%;--awb-spacing-left-medium:1.92%;--awb-width-small:100%;--awb-order-small:0;--awb-spacing-right-small:1.92%;--awb-spacing-left-small:1.92%;\"><div class=\"fusion-column-wrapper fusion-column-has-shadow fusion-flex-justify-content-flex-start fusion-content-layout-column\"><div class=\"fusion-text fusion-text-1\" style=\"--awb-content-alignment:justify;\"><p>En compliment de la llei 34\/2002 de serveis de la societat de la informaci\u00f3 i de comer\u00e7 electr\u00f2nic, li informem que aquesta p\u00e0gina web \u00e9s propietat de Mart\u00ed Pere Montserrat Esteve, amb domicili al Sant Antoni 33-35, 08770 \u2013 Sant Sadurn\u00ed d\u2019Anoia, Barcelona \u2013 SPAIN, con N.I.F. 37282734X.<\/p>\n<p>Aquesta web es regeix per la normativa aplicable exclusivament dins de l\u2019estat espanyol, quedant sotmesos a ella, tant els nacionals com els estrangers que la utilitzin.<\/p>\n<p>L\u2019acc\u00e9s a la nostra web per part de l\u2019USUARI \u00e9s gratu\u00eft i est\u00e0 condicionat a la pr\u00e8via lectura i acceptaci\u00f3 integra, expressa i sense reserves de les presents CONDICIONS GENERALS D\u2019\u00daS vigents al moment de l\u2019acc\u00e9s, que preguem llegeixi detingudament. L\u2019USUARI en el moment que utilitza la nostra web, els seus continguts o serveis, accepta i se sotmet expressament a les condicions generals d\u2019\u00fas de la mateixa. Si l\u2019USUARI no estigu\u00e9s d\u2019acord amb les condicions d\u2019\u00fas vigents, haur\u00e0 d\u2019abstenir-se d\u2019utilitzar aquesta web i operar per mitj\u00e0 de la mateixa.<\/p>\n<p>En qualsevol moment podrem modificar la presentaci\u00f3 i configuraci\u00f3 d\u2019aquesta web, ampliar o reduir serveis, i fins i tot suprimir-la de la Xarxa, aix\u00ed com els serveis i continguts prestats, tot aix\u00f2 de forma unilateral i sense previ av\u00eds.<\/p>\n<p>PROPIETAT INTEL\u00b7LECTUAL<\/p>\n<p>Tots els continguts, textos, imatges, i codis font s\u00f3n propietat de CONDE DE VALICOURT o de tercers als quals s\u2019han adquirit els seus drets d\u2019explotaci\u00f3 i estan protegits pels drets de Propietat Intel\u00b7lectual i Industrial.<\/p>\n<p>L\u2019USUARI \u00fanicament t\u00e9 dret a un \u00fas privat dels mateixos, sense \u00e0nim de lucre, i necessita autoritzaci\u00f3 expressa de CONDE DE VALICOURT i\/o el titular dels drets, per modificar-los, reproduir-los, explotar-los, distribuir-los o qualsevol dret pertanyent al seu titular.<\/p>\n<p>L\u2019establiment d\u2019enlla\u00e7os a la nostra web no confereix cap dret sobre la mateixa i s\u2019autoritzen exclusivament per permetre l\u2019acc\u00e9s a la nostra web, quedant prohibida en altres p\u00e0gines la reproducci\u00f3 total o parcial de les imatges i\/o continguts de la nostra web. Aix\u00ed mateix, el simple fet d\u2019establir un enlla\u00e7 a la nostra web no d\u00f3na dret a atorgar-ne la categoria de col\u00b7laborador o soci de CONDE DE VALICOURT<\/p>\n<p>Est\u00e0 absolutament prohibida la imitaci\u00f3 ja sigui total o parcial de la nostra web.<\/p>\n<p>CONDICIONS D\u2019ACC\u00c9S<\/p>\n<p>L\u2019acc\u00e9s a la nostra web \u00e9s gratu\u00eft i no exigeix pr\u00e8via subscripci\u00f3 o registre. No obstant aix\u00f2, CONDE DE VALICOURT es reserva el dret d\u2019oferir serveis que requereixin el registre previ de l\u2019USUARI. En tot cas, aquests serveis quedaran degudament identificats a la web, amb f\u00e0cils indicacions per al seu registre.<\/p>\n<p>L\u2019USUARI ha d\u2019accedir a la nostra web conforme a la bona fe, les normes d\u2019ordre p\u00fablic i les presents Condicions Generals d\u2019\u00fas. L\u2019acc\u00e9s al nostre lloc web es realitza sota la pr\u00f2pia i exclusiva responsabilitat de l\u2019USUARI, que respondr\u00e0 en tot cas dels danys i perjudicis que pugui causar a tercers o a nosaltres mateixos.<\/p>\n<p>L\u2019USUARI t\u00e9 expressament prohibit la utilitzaci\u00f3 i obtenci\u00f3 dels serveis i continguts oferts en la present web, per procediments diferents als estipulats en les presents condicions d\u2019\u00fas, i si escau en les condicions particulars que regulin l\u2019adquisici\u00f3 de determinats serveis.<\/p>\n<p>Tenint en compte la impossibilitat de control respecte a la informaci\u00f3, continguts i serveis que continguin unes altres websites als quals es pugui accedir a trav\u00e9s dels enlla\u00e7os que la nostra web posa a la seva disposici\u00f3, li comuniquem que CONDE DE VALICOURT queda eximida de qualsevol responsabilitat pels danys i perjudicis de tota classe, que poguessin derivar per la utilitzaci\u00f3 d\u2019aquestes p\u00e0gines web alienes a la nostra per part de l\u2019USUARI. CONDE DE VALICOURT es reserva el dret d\u2019exercitar les accions legals oportunes contra aquells USUARIS que vulnerin les presents condicions generals d\u2019\u00fas, acceptant l\u2019USUARI que la no iniciaci\u00f3 d\u2019aquestes accions no constitueix una ren\u00fancia formal a les mateixes, romanent aquestes vigents fins als terminis de prescripci\u00f3 de les infraccions.<\/p>\n<p>RESPONSABILITATS<\/p>\n<p>Al posar a disposici\u00f3 de l\u2019USUARI aquesta web volem oferir-li una s\u00e8rie de continguts i serveis de qualitat, utilitzant la m\u00e0xima dilig\u00e8ncia en la prestaci\u00f3 dels mateixos aix\u00ed com en els mitjans tecnol\u00f2gics utilitzats. No obstant aix\u00f2, no respondrem de la pres\u00e8ncia de virus i altres elements que d\u2019alguna manera puguin malmetre el sistema inform\u00e0tic de l\u2019USUARI.<\/p>\n<p>L\u2019USUARI t\u00e9 prohibit qualsevol tipus d\u2019acci\u00f3 sobre la nostra web que origini una sobrec\u00e0rrega als nostres sistemes inform\u00e0tics, aix\u00ed com la introducci\u00f3 de virus, instal\u00b7laci\u00f3 de robots o de programari que alteri el normal funcionament de la nostra web, o en definitiva pugui causar danys als nostres sistemes inform\u00e0tics.<\/p>\n<p>L\u2019USUARI assumeix tota la responsabilitat derivada de l\u2019\u00fas de la nostra web, sent l\u2019\u00fanic responsable de tot efecte directe o indirecte que sobre la web es derivi, incloent, de forma enunciativa i no limitada, tot resultat econ\u00f2mic, t\u00e8cnic i\/o jur\u00eddic advers, aix\u00ed com la defraudaci\u00f3 de les expectatives generades pel nostre portal, obligant-se l\u2019USUARI a mantenir indemne a CONDE DE VALICOURT per qualsevol reclamaci\u00f3 derivada, directa o indirectament de tals fets.<\/p>\n<p>CONDE DE VALICOURT queda exonerat de responsabilitat per qualsevol reclamaci\u00f3 respecte als drets de propietat intel\u00b7lectual dels articles i imatges publicades al seu portal, aix\u00ed com, no garanteix l\u2019exactitud, veracitat i vig\u00e8ncia dels continguts d\u2019aquesta web, ja siguin propis, de tercers, o enlla\u00e7ables a altres web sites, quedant totalment exonerada de qualsevol responsabilitat derivada de l\u2019\u00fas dels mateixos.<\/p>\n<p>CONDE DE VALICOURT queda exonerada de qualsevol responsabilitat derivada de qualsevol reclamaci\u00f3, incl\u00f2s el pagament d\u2019honoraris a advocats, per les demandes i reclamacions originades per tercers per l\u2019 incompliment per part de l\u2019USUARI de les nostres condicions d\u2019\u00fas, acc\u00e9s i pol\u00edtica de privadesa, o qualssevol altra reclamaci\u00f3 per l\u2019 incompliment de la legislaci\u00f3 vigent.<\/p>\n<p>L\u2019USUARI reconeix que ha ent\u00e8s tota la informaci\u00f3 respecte a les condicions d\u2019\u00fas del nostre portal, i reconeix que s\u00f3n suficients per a l\u2019exclusi\u00f3 de l\u2019error en les mateixes, i per tant, les accepta integra i expressament.<\/p>\n<p>L\u2019USUARI \u00e9s plenament conscient que la mera navegaci\u00f3 per la present web, aix\u00ed com la utilitzaci\u00f3 dels seus serveis, implica l\u2019acceptaci\u00f3 de les presents condicions d\u2019\u00fas.<\/p>\n<p>Tot el referent a la nostra web, es regeix exclusivament per les lleis espanyoles. En el cas que es produeixi qualsevol tipus de discrep\u00e0ncia o difer\u00e8ncia entre les parts en relaci\u00f3 amb la interpretaci\u00f3 i contingut de la present web, totes les parts se sotmeten, amb ren\u00fancia expressa a qualsevol altre fur, als Jutjats i Tribunals m\u00e9s proper a CONDE DE VALICOURT.<\/p>\n<p>GOOGLE ANALYTICS<\/p>\n<p>Aquesta p\u00e0gina web utilitza Google Analytics, un servei anal\u00edtic de web prestat per Google Inc., l\u2019oficina principal del qual est\u00e0 a 1600 Amphitheatre Parkway, Mountain View (Calif\u00f2rnia), CA 94043, Estats Units (\u201cGoogle\u201d).<\/p>\n<p>Google Analytics utilitza cookies, que s\u00f3n arxius de text situats en el seu ordinador, per ajudar al website a analitzar l\u2019\u00fas que fan els usuaris del lloc web.<\/p>\n<p>La informaci\u00f3 que genera la cookie sobre el seu \u00fas del website (incloent la seva adre\u00e7a IP) ser\u00e0 directament transmesa i arxivada per Google en els servidors d\u2019Estats Units.<\/p>\n<p>Google utilitzar\u00e0 aquesta informaci\u00f3 per compte nostre amb el prop\u00f2sit de seguir la pista del seu \u00fas del website, recopilant informes de l\u2019activitat del website i prestant altres serveis relacionats amb l\u2019activitat del website i l\u2019\u00fas d\u2019Internet.<\/p>\n<p>Google podr\u00e0 transmetre aquesta informaci\u00f3 a tercers quan aix\u00ed l\u2019hi requereixi la legislaci\u00f3, o quan aquests tercers processin la informaci\u00f3 per compte de Google.<\/p>\n<p>Google no associar\u00e0 la seva adre\u00e7a IP amb cap altra dada del que disposi Google.<\/p>\n<p>Aquesta web pot fer \u00fas de \u201ctracking tags\u201d en determinades p\u00e0gines per a mesurament i optimitzaci\u00f3 de campanyes de m\u00e0rqueting de resultats, no emmagatzemant-ne en cap cas, informaci\u00f3 personal de l\u2019usuari.<\/p>\n<p>L\u2019USUARI pot rebutjar el tractament de les dades o la informaci\u00f3 rebutjant l\u2019\u00fas de cookies mitjan\u00e7ant la selecci\u00f3 de la configuraci\u00f3 apropiada del seu navegador, no obstant aix\u00f2, ha de saber, que si ho fa, pot ser que no pugui fer servir la plena funcionalitat d\u2019aquesta web. En utilitzar aquesta web l\u2019USUARI dona el seu consentiment al tractament d\u2019aquesta informaci\u00f3 per Google, en la forma i per a les finalitats a dalt indicades.<\/p>\n<\/div><\/div><\/div><\/div><\/div><\/p>\n","protected":false},"excerpt":{"rendered":"","protected":false},"author":1,"featured_media":0,"parent":0,"menu_order":0,"comment_status":"closed","ping_status":"closed","template":"100-width.php","meta":{"footnotes":""},"class_list":["post-581","page","type-page","status-publish","hentry"],"yoast_head":"<!-- This site is optimized with the Yoast SEO plugin v27.5 - https:\/\/yoast.com\/product\/yoast-seo-wordpress\/ -->\n<title>Avis legal \u00b7 Conde de\u202fValicourt \u2013 La cava m\u00e9s petita i personal<\/title>\n<meta name=\"description\" content=\"Consulta l\u2019av\u00eds legal de Conde de\u202fValicourt: \u00fas del web, propietat intel\u00b7lectual, responsabilitat i tractament de dades. Sant Sadurn\u00ed d\u2019Anoia (Barcelona).\" \/>\n<meta name=\"robots\" content=\"index, follow, max-snippet:-1, max-image-preview:large, max-video-preview:-1\" \/>\n<link rel=\"canonical\" href=\"https:\/\/condedevalicourt.com\/ca\/avis-legal\/\" \/>\n<meta property=\"og:locale\" content=\"ca_ES\" \/>\n<meta property=\"og:type\" content=\"article\" \/>\n<meta property=\"og:title\" content=\"Avis legal \u00b7 Conde de\u202fValicourt \u2013 La cava m\u00e9s petita i personal\" \/>\n<meta property=\"og:description\" content=\"Consulta l\u2019av\u00eds legal de Conde de\u202fValicourt: \u00fas del web, propietat intel\u00b7lectual, responsabilitat i tractament de dades. Sant Sadurn\u00ed d\u2019Anoia (Barcelona).\" \/>\n<meta property=\"og:url\" content=\"https:\/\/condedevalicourt.com\/ca\/avis-legal\/\" \/>\n<meta property=\"og:site_name\" content=\"Conde de Valicourt - Cavas artesanos - Pened\u00e9s (Sant Sadurn\u00ed de Noia)\" \/>\n<meta property=\"article:modified_time\" content=\"2025-11-05T10:45:05+00:00\" \/>\n<meta name=\"twitter:card\" content=\"summary_large_image\" \/>\n<meta name=\"twitter:label1\" content=\"Temps estimat de lectura\" \/>\n\t<meta name=\"twitter:data1\" content=\"7 minuts\" \/>\n<script type=\"application\/ld+json\" class=\"yoast-schema-graph\">{\"@context\":\"https:\\\/\\\/schema.org\",\"@graph\":[{\"@type\":\"WebPage\",\"@id\":\"https:\\\/\\\/condedevalicourt.com\\\/ca\\\/avis-legal\\\/\",\"url\":\"https:\\\/\\\/condedevalicourt.com\\\/ca\\\/avis-legal\\\/\",\"name\":\"Avis legal \u00b7 Conde de\u202fValicourt \u2013 La cava m\u00e9s petita i personal\",\"isPartOf\":{\"@id\":\"https:\\\/\\\/condedevalicourt.com\\\/ca\\\/#website\"},\"datePublished\":\"2025-10-24T07:24:34+00:00\",\"dateModified\":\"2025-11-05T10:45:05+00:00\",\"description\":\"Consulta l\u2019av\u00eds legal de Conde de\u202fValicourt: \u00fas del web, propietat intel\u00b7lectual, responsabilitat i tractament de dades. Sant Sadurn\u00ed d\u2019Anoia (Barcelona).\",\"breadcrumb\":{\"@id\":\"https:\\\/\\\/condedevalicourt.com\\\/ca\\\/avis-legal\\\/#breadcrumb\"},\"inLanguage\":\"ca\",\"potentialAction\":[{\"@type\":\"ReadAction\",\"target\":[\"https:\\\/\\\/condedevalicourt.com\\\/ca\\\/avis-legal\\\/\"]}]},{\"@type\":\"BreadcrumbList\",\"@id\":\"https:\\\/\\\/condedevalicourt.com\\\/ca\\\/avis-legal\\\/#breadcrumb\",\"itemListElement\":[{\"@type\":\"ListItem\",\"position\":1,\"name\":\"Portada\",\"item\":\"https:\\\/\\\/condedevalicourt.com\\\/ca\\\/\"},{\"@type\":\"ListItem\",\"position\":2,\"name\":\"Avis legal\"}]},{\"@type\":\"WebSite\",\"@id\":\"https:\\\/\\\/condedevalicourt.com\\\/ca\\\/#website\",\"url\":\"https:\\\/\\\/condedevalicourt.com\\\/ca\\\/\",\"name\":\"Conde de Valicourt - Cavas artesanos - Pened\u00e9s (Sant Sadurn\u00ed de Noia)\",\"description\":\"\",\"potentialAction\":[{\"@type\":\"SearchAction\",\"target\":{\"@type\":\"EntryPoint\",\"urlTemplate\":\"https:\\\/\\\/condedevalicourt.com\\\/ca\\\/?s={search_term_string}\"},\"query-input\":{\"@type\":\"PropertyValueSpecification\",\"valueRequired\":true,\"valueName\":\"search_term_string\"}}],\"inLanguage\":\"ca\"}]}<\/script>\n<!-- \/ Yoast SEO plugin. -->","yoast_head_json":{"title":"Avis legal \u00b7 Conde de\u202fValicourt \u2013 La cava m\u00e9s petita i personal","description":"Consulta l\u2019av\u00eds legal de Conde de\u202fValicourt: \u00fas del web, propietat intel\u00b7lectual, responsabilitat i tractament de dades. Sant Sadurn\u00ed d\u2019Anoia (Barcelona).","robots":{"index":"index","follow":"follow","max-snippet":"max-snippet:-1","max-image-preview":"max-image-preview:large","max-video-preview":"max-video-preview:-1"},"canonical":"https:\/\/condedevalicourt.com\/ca\/avis-legal\/","og_locale":"ca_ES","og_type":"article","og_title":"Avis legal \u00b7 Conde de\u202fValicourt \u2013 La cava m\u00e9s petita i personal","og_description":"Consulta l\u2019av\u00eds legal de Conde de\u202fValicourt: \u00fas del web, propietat intel\u00b7lectual, responsabilitat i tractament de dades. Sant Sadurn\u00ed d\u2019Anoia (Barcelona).","og_url":"https:\/\/condedevalicourt.com\/ca\/avis-legal\/","og_site_name":"Conde de Valicourt - Cavas artesanos - Pened\u00e9s (Sant Sadurn\u00ed de Noia)","article_modified_time":"2025-11-05T10:45:05+00:00","twitter_card":"summary_large_image","twitter_misc":{"Temps estimat de lectura":"7 minuts"},"schema":{"@context":"https:\/\/schema.org","@graph":[{"@type":"WebPage","@id":"https:\/\/condedevalicourt.com\/ca\/avis-legal\/","url":"https:\/\/condedevalicourt.com\/ca\/avis-legal\/","name":"Avis legal \u00b7 Conde de\u202fValicourt \u2013 La cava m\u00e9s petita i personal","isPartOf":{"@id":"https:\/\/condedevalicourt.com\/ca\/#website"},"datePublished":"2025-10-24T07:24:34+00:00","dateModified":"2025-11-05T10:45:05+00:00","description":"Consulta l\u2019av\u00eds legal de Conde de\u202fValicourt: \u00fas del web, propietat intel\u00b7lectual, responsabilitat i tractament de dades. Sant Sadurn\u00ed d\u2019Anoia (Barcelona).","breadcrumb":{"@id":"https:\/\/condedevalicourt.com\/ca\/avis-legal\/#breadcrumb"},"inLanguage":"ca","potentialAction":[{"@type":"ReadAction","target":["https:\/\/condedevalicourt.com\/ca\/avis-legal\/"]}]},{"@type":"BreadcrumbList","@id":"https:\/\/condedevalicourt.com\/ca\/avis-legal\/#breadcrumb","itemListElement":[{"@type":"ListItem","position":1,"name":"Portada","item":"https:\/\/condedevalicourt.com\/ca\/"},{"@type":"ListItem","position":2,"name":"Avis legal"}]},{"@type":"WebSite","@id":"https:\/\/condedevalicourt.com\/ca\/#website","url":"https:\/\/condedevalicourt.com\/ca\/","name":"Conde de Valicourt - Cavas artesanos - Pened\u00e9s (Sant Sadurn\u00ed de Noia)","description":"","potentialAction":[{"@type":"SearchAction","target":{"@type":"EntryPoint","urlTemplate":"https:\/\/condedevalicourt.com\/ca\/?s={search_term_string}"},"query-input":{"@type":"PropertyValueSpecification","valueRequired":true,"valueName":"search_term_string"}}],"inLanguage":"ca"}]}},"_links":{"self":[{"href":"https:\/\/condedevalicourt.com\/ca\/wp-json\/wp\/v2\/pages\/581","targetHints":{"allow":["GET"]}}],"collection":[{"href":"https:\/\/condedevalicourt.com\/ca\/wp-json\/wp\/v2\/pages"}],"about":[{"href":"https:\/\/condedevalicourt.com\/ca\/wp-json\/wp\/v2\/types\/page"}],"author":[{"embeddable":true,"href":"https:\/\/condedevalicourt.com\/ca\/wp-json\/wp\/v2\/users\/1"}],"replies":[{"embeddable":true,"href":"https:\/\/condedevalicourt.com\/ca\/wp-json\/wp\/v2\/comments?post=581"}],"version-history":[{"count":0,"href":"https:\/\/condedevalicourt.com\/ca\/wp-json\/wp\/v2\/pages\/581\/revisions"}],"wp:attachment":[{"href":"https:\/\/condedevalicourt.com\/ca\/wp-json\/wp\/v2\/media?parent=581"}],"curies":[{"name":"wp","href":"https:\/\/api.w.org\/{rel}","templated":true}]}}