{"id":587,"date":"2025-10-21T12:50:43","date_gmt":"2025-10-21T10:50:43","guid":{"rendered":"https:\/\/condedevalicourt.pruebasweb.com.es\/?page_id=587"},"modified":"2025-11-05T11:45:51","modified_gmt":"2025-11-05T10:45:51","slug":"coneix-nos","status":"publish","type":"page","link":"https:\/\/condedevalicourt.com\/ca\/coneix-nos\/","title":{"rendered":"Coneix-nos"},"content":{"rendered":"<p><div class=\"fusion-fullwidth fullwidth-box fusion-builder-row-1 fusion-flex-container has-pattern-background has-mask-background hundred-percent-fullwidth non-hundred-percent-height-scrolling\" style=\"--awb-border-radius-top-left:0px;--awb-border-radius-top-right:0px;--awb-border-radius-bottom-right:0px;--awb-border-radius-bottom-left:0px;--awb-flex-wrap:wrap;\" ><div class=\"fusion-builder-row fusion-row fusion-flex-align-items-flex-start fusion-flex-content-wrap\" style=\"width:104% !important;max-width:104% !important;margin-left: calc(-4% \/ 2 );margin-right: calc(-4% \/ 2 );\"><div class=\"fusion-layout-column fusion_builder_column fusion-builder-column-0 fusion_builder_column_1_1 1_1 fusion-flex-column\" style=\"--awb-bg-size:cover;--awb-width-large:100%;--awb-margin-top-large:0px;--awb-spacing-right-large:1.92%;--awb-margin-bottom-large:20px;--awb-spacing-left-large:1.92%;--awb-width-medium:100%;--awb-order-medium:0;--awb-spacing-right-medium:1.92%;--awb-spacing-left-medium:1.92%;--awb-width-small:100%;--awb-order-small:0;--awb-spacing-right-small:1.92%;--awb-spacing-left-small:1.92%;\"><div class=\"fusion-column-wrapper fusion-column-has-shadow fusion-flex-justify-content-flex-start fusion-content-layout-column\"><div class=\"fusion-title title fusion-title-1 fusion-sep-none fusion-title-text fusion-title-size-one\" style=\"--awb-text-color:var(--awb-color6);--awb-margin-top-small:10px;--awb-margin-right-small:0px;--awb-margin-bottom-small:10px;--awb-margin-left-small:0px;--awb-font-size:19px;\"><h1 class=\"fusion-title-heading title-heading-right fusion-responsive-typography-calculated\" style=\"margin:0;font-size:1em;--fontSize:19;--minFontSize:19;line-height:var(--awb-typography1-line-height);\">Your Content Goes Here<\/h1><\/div><nav class=\"fusion-breadcrumbs awb-yoast-breadcrumbs fusion-breadcrumbs-1\" style=\"--awb-alignment:right;--awb-font-size:12px;--awb-breadcrumb-sep:&#039;\/&#039;;text-align:right;\" aria-label=\"Breadcrumb\"><ol class=\"awb-breadcrumb-list\"><li class=\"fusion-breadcrumb-item awb-breadcrumb-sep awb-home\" ><a href=\"https:\/\/condedevalicourt.com\/ca\/\" class=\"fusion-breadcrumb-link\"><span >Inicio<\/span><\/a><\/li><\/ol><\/nav><\/div><\/div><\/div><\/div><div class=\"fusion-fullwidth fullwidth-box fusion-builder-row-2 fusion-flex-container has-pattern-background has-mask-background nonhundred-percent-fullwidth non-hundred-percent-height-scrolling\" style=\"--awb-border-radius-top-left:0px;--awb-border-radius-top-right:0px;--awb-border-radius-bottom-right:0px;--awb-border-radius-bottom-left:0px;--awb-flex-wrap:wrap;\" ><div class=\"fusion-builder-row fusion-row fusion-flex-align-items-flex-start fusion-flex-content-wrap\" style=\"max-width:1248px;margin-left: calc(-4% \/ 2 );margin-right: calc(-4% \/ 2 );\"><div class=\"fusion-layout-column fusion_builder_column fusion-builder-column-1 fusion_builder_column_1_1 1_1 fusion-flex-column\" style=\"--awb-bg-size:cover;--awb-width-large:100%;--awb-margin-top-large:0px;--awb-spacing-right-large:1.92%;--awb-margin-bottom-large:20px;--awb-spacing-left-large:1.92%;--awb-width-medium:100%;--awb-order-medium:0;--awb-spacing-right-medium:1.92%;--awb-spacing-left-medium:1.92%;--awb-width-small:100%;--awb-order-small:0;--awb-spacing-right-small:1.92%;--awb-spacing-left-small:1.92%;\"><div class=\"fusion-column-wrapper fusion-column-has-shadow fusion-flex-justify-content-flex-start fusion-content-layout-column\"><div class=\"fusion-tabs fusion-tabs-1 clean nav-is-justified horizontal-tabs icon-position-left mobile-mode-accordion\" style=\"--awb-title-border-radius-top-left:0px;--awb-title-border-radius-top-right:0px;--awb-title-border-radius-bottom-right:0px;--awb-title-border-radius-bottom-left:0px;--awb-title-padding-top:20px;--awb-title-padding-bottom:20px;--awb-title-font-size:14px;--awb-title-line-height:2em;--awb-alignment:start;--awb-inactive-color:#f2f2f2;--awb-title-text-color:var(--awb-color3);--awb-title-active-text-color:var(--awb-color1);--awb-background-color:var(--awb-color4);--awb-border-color:var(--awb-color1);--awb-active-border-color:var(--awb-color1);--awb-title-font-family:&quot;Raleway&quot;;--awb-title-font-style:normal;--awb-title-font-weight:400;\"><div class=\"nav\"><ul class=\"nav-tabs nav-justified\" role=\"tablist\" aria-orientation=\"horizontal\"><li class=\"active\" role=\"presentation\"><a class=\"tab-link\" data-toggle=\"tab\" role=\"tab\" aria-controls=\"tab-d47aa2fdbc34c9e83c5\" aria-selected=\"true\" tabindex=\"0\" id=\"fusion-tab-d47aa2fdbc34c9e83c5\" href=\"#tab-d47aa2fdbc34c9e83c5\"><h4 class=\"fusion-tab-heading\">D\u2019ON VENIM<\/h4><\/a><\/li><li  role=\"presentation\"><a class=\"tab-link\" data-toggle=\"tab\" role=\"tab\" aria-controls=\"tab-b273fff43e58a2edb87\" aria-selected=\"false\" tabindex=\"-1\" id=\"fusion-tab-b273fff43e58a2edb87\" href=\"#tab-b273fff43e58a2edb87\"><h4 class=\"fusion-tab-heading\">ON ANEM<\/h4><\/a><\/li><li  role=\"presentation\"><a class=\"tab-link\" data-toggle=\"tab\" role=\"tab\" aria-controls=\"tab-f763e1395778cc52f98\" aria-selected=\"false\" tabindex=\"-1\" id=\"fusion-tab-f763e1395778cc52f98\" href=\"#tab-f763e1395778cc52f98\"><h4 class=\"fusion-tab-heading\">COM HO FEM<\/h4><\/a><\/li><li  role=\"presentation\"><a class=\"tab-link\" data-toggle=\"tab\" role=\"tab\" aria-controls=\"tab-d29acea6fa989c5411e\" aria-selected=\"false\" tabindex=\"-1\" id=\"fusion-tab-d29acea6fa989c5411e\" href=\"#tab-d29acea6fa989c5411e\"><h4 class=\"fusion-tab-heading\">QU\u00c8 ENS DIFERENCIA<\/h4><\/a><\/li><\/ul><\/div><div class=\"tab-content\"><div class=\"nav fusion-mobile-tab-nav\"><ul class=\"nav-tabs nav-justified\" role=\"tablist\" aria-orientation=\"horizontal\"><li class=\"active\" role=\"presentation\"><a class=\"tab-link\" data-toggle=\"tab\" role=\"tab\" aria-controls=\"tab-d47aa2fdbc34c9e83c5\" aria-selected=\"true\" tabindex=\"0\" id=\"mobile-fusion-tab-d47aa2fdbc34c9e83c5\" href=\"#tab-d47aa2fdbc34c9e83c5\"><h4 class=\"fusion-tab-heading\">D\u2019ON VENIM<\/h4><\/a><\/li><\/ul><\/div><div class=\"tab-pane fade fusion-clearfix in active\" role=\"tabpanel\" tabindex=\"0\" aria-labelledby=\"fusion-tab-d47aa2fdbc34c9e83c5\" id=\"tab-d47aa2fdbc34c9e83c5\"><div class=\"fusion-title title fusion-title-2 fusion-sep-none fusion-title-center fusion-title-text fusion-title-size-two\" style=\"--awb-text-color:#59595b;--awb-margin-bottom:30px;--awb-margin-top-small:10px;--awb-margin-right-small:0px;--awb-margin-bottom-small:10px;--awb-margin-left-small:0px;--awb-font-size:30px;\"><h2 class=\"fusion-title-heading title-heading-center fusion-responsive-typography-calculated\" style=\"font-family:&quot;Open Sans&quot;;font-style:normal;font-weight:300;margin:0;font-size:1em;--fontSize:30;line-height:1.3;\"><span class=\"rojo\">la cava m\u00e9s<\/span> petita i personal<\/h2><\/div>\n<div class=\"fusion-column-wrapper fusion-column-has-shadow fusion-flex-justify-content-flex-start fusion-content-layout-column\">\n<div class=\"fusion-text fusion-text-2 awb-text-cols fusion-text-columns-2\" style=\"--awb-columns: 2; --awb-column-spacing: 6em; --awb-column-min-width: 100px; --awb-rule-style: 1px solid var(--awb-color3);\">\n<p><span class=\"fusion-dropcap dropcap dropcap-boxed\" style=\"--awb-border-radius: 0px; --awb-color: var(--awb-color5); --awb-background: #f2f2f2;\">P<\/span>ere Montserrat i Font va comen\u00e7ar a elaborar cava el 1922. Va seguir els seus passos i va revolucionar la cava el 1940, ja amb el nom de CONDE DE VALICOURT, el seu fill Pere Montserrat i Sard\u00e0, figura clau en la hist\u00f2ria del cava.<\/p>\n<p>El 1994, Mart\u00ed Pere Montserrat, n\u00e9t i fill, respectivament, i Alicia Segura, la seva dona, vam agafar el relleu generacional fins a arribar als nostres dies. Avui, tots dos ens dediquem al noble art d\u2019elaborar caves artesans de qualitat i donar-los a con\u00e8ixer.<\/p>\n<p>La nostra \u00e9s la cava m\u00e9s petita i personal de Sant Sadurn\u00ed d\u2019Anoia, el bressol del cava. Pertanyem a la Denominaci\u00f3 d\u2019Origen Cava des de la seva creaci\u00f3. La nostra petita dimensi\u00f3 sempre ens ha perm\u00e8s fer el que ens agrada i com ens agrada.<\/p>\n<p>Defensem un concepte independent, allunyat de la gran distribuci\u00f3, amb la vista posada en el que fem i en el que farem, per\u00f2 sense oblidar-nos mai de les nostres arrels i del respecte que el nostre ofici ens mereix.<\/p>\n<\/div>\n<\/div>\n<\/div><div class=\"nav fusion-mobile-tab-nav\"><ul class=\"nav-tabs nav-justified\" role=\"tablist\" aria-orientation=\"horizontal\"><li  role=\"presentation\"><a class=\"tab-link\" data-toggle=\"tab\" role=\"tab\" aria-controls=\"tab-b273fff43e58a2edb87\" aria-selected=\"false\" tabindex=\"-1\" id=\"mobile-fusion-tab-b273fff43e58a2edb87\" href=\"#tab-b273fff43e58a2edb87\"><h4 class=\"fusion-tab-heading\">ON ANEM<\/h4><\/a><\/li><\/ul><\/div><div class=\"tab-pane fade fusion-clearfix\" role=\"tabpanel\" tabindex=\"0\" aria-labelledby=\"fusion-tab-b273fff43e58a2edb87\" id=\"tab-b273fff43e58a2edb87\"><div class=\"fusion-title title fusion-title-3 fusion-sep-none fusion-title-center fusion-title-text fusion-title-size-two\" style=\"--awb-text-color:#59595b;--awb-margin-bottom:30px;--awb-margin-top-small:10px;--awb-margin-right-small:0px;--awb-margin-bottom-small:10px;--awb-margin-left-small:0px;--awb-font-size:30px;\"><h2 class=\"fusion-title-heading title-heading-center fusion-responsive-typography-calculated\" style=\"font-family:&quot;Open Sans&quot;;font-style:normal;font-weight:300;margin:0;font-size:1em;--fontSize:30;line-height:1.3;\"><span class=\"rojo\">qualitat<\/span> per damunt de quantitat<\/h2><\/div>\n<div class=\"fusion-text fusion-text-1\" style=\"--awb-content-alignment:justify;\"><p><span class=\"fusion-dropcap dropcap dropcap-boxed\" style=\"--awb-color:var(--awb-color5);--awb-background:#f2f2f2;\">L<\/span>imitar volunt\u00e0riament i rigorosament el nombre d\u2019ampolles que elaborem cada any ens permet mantenir la personalitat i una qualitat constant i ser fidels al m\u00e9s pur estil tradicional artes\u00e0, cosa que implica no mecanitzar els processos de remoguda i degollament de les ampolles, no afegir-hi conservants, clarificants qu\u00edmics o qualsevol altre tipus d\u2019additiu que pugui desvirtuar la qualitat final dels nostres caves, fer servir les millors primeres mat\u00e8ries i respectar escrupolosament els temps de crian\u00e7a.<\/p>\n<\/div>\n<div class=\"fusion-text fusion-text-2 cajatabs\" style=\"--awb-content-alignment:center;--awb-font-size:22px;--awb-line-height:35px;--awb-text-font-family:&quot;Open Sans&quot;;--awb-text-font-style:normal;--awb-text-font-weight:300;\"><p>Actualment, elaborem 50.000 ampolles: encara ens queda cam\u00ed per rec\u00f3rrer.<br \/>\nPer damunt de 75.000 ampolles, ni una m\u00e9s!<\/p>\n<\/div><\/div><div class=\"nav fusion-mobile-tab-nav\"><ul class=\"nav-tabs nav-justified\" role=\"tablist\" aria-orientation=\"horizontal\"><li  role=\"presentation\"><a class=\"tab-link\" data-toggle=\"tab\" role=\"tab\" aria-controls=\"tab-f763e1395778cc52f98\" aria-selected=\"false\" tabindex=\"-1\" id=\"mobile-fusion-tab-f763e1395778cc52f98\" href=\"#tab-f763e1395778cc52f98\"><h4 class=\"fusion-tab-heading\">COM HO FEM<\/h4><\/a><\/li><\/ul><\/div><div class=\"tab-pane fade fusion-clearfix\" role=\"tabpanel\" tabindex=\"0\" aria-labelledby=\"fusion-tab-f763e1395778cc52f98\" id=\"tab-f763e1395778cc52f98\"><div class=\"fusion-title title fusion-title-4 fusion-sep-none fusion-title-center fusion-title-text fusion-title-size-two\" style=\"--awb-text-color:#59595b;--awb-margin-bottom:30px;--awb-margin-top-small:10px;--awb-margin-right-small:0px;--awb-margin-bottom-small:10px;--awb-margin-left-small:0px;--awb-font-size:30px;\"><h2 class=\"fusion-title-heading title-heading-center fusion-responsive-typography-calculated\" style=\"font-family:&quot;Open Sans&quot;;font-style:normal;font-weight:300;margin:0;font-size:1em;--fontSize:30;line-height:1.3;\"><span class=\"rojo\">un rara avis<\/span> en el sector<\/h2><\/div>\n<div class=\"fusion-text fusion-text-3\" style=\"--awb-content-alignment:justify;\"><p><span class=\"fusion-dropcap dropcap dropcap-boxed\" style=\"--awb-color:var(--awb-color5);--awb-background:#f2f2f2;\">E<\/span>n Mart\u00ed Pere conflueixen tres figures que, habitualment, recauen en persones diferents: \u00e9s el propietari de la cava, l\u2019en\u00f2leg i, tamb\u00e9, l\u2019elaborador. Tota la nostra producci\u00f3 passa per les seves mans: des de l\u2019elaboraci\u00f3 i la crian\u00e7a, passant per la remoguda, fins a arribar al degollament de les ampolles abans de la seva venda. Mentre que, en Alicia, recauen la imatge, la comunicaci\u00f3 i les vendes nacionals i internacionals, tant per a clients particulars com per a professionals.<\/p>\n<\/div>\n<div class=\"fusion-text fusion-text-4 cajatabs\" style=\"--awb-content-alignment:center;--awb-font-size:22px;--awb-line-height:35px;--awb-text-font-family:&quot;Open Sans&quot;;--awb-text-font-style:normal;--awb-text-font-weight:300;\"><p>No tenim empleats. S\u00ed, ho heu llegit b\u00e9. Tot queda a casa!<\/p>\n<\/div><\/div><div class=\"nav fusion-mobile-tab-nav\"><ul class=\"nav-tabs nav-justified\" role=\"tablist\" aria-orientation=\"horizontal\"><li  role=\"presentation\"><a class=\"tab-link\" data-toggle=\"tab\" role=\"tab\" aria-controls=\"tab-d29acea6fa989c5411e\" aria-selected=\"false\" tabindex=\"-1\" id=\"mobile-fusion-tab-d29acea6fa989c5411e\" href=\"#tab-d29acea6fa989c5411e\"><h4 class=\"fusion-tab-heading\">QU\u00c8 ENS DIFERENCIA<\/h4><\/a><\/li><\/ul><\/div><div class=\"tab-pane fade fusion-clearfix\" role=\"tabpanel\" tabindex=\"0\" aria-labelledby=\"fusion-tab-d29acea6fa989c5411e\" id=\"tab-d29acea6fa989c5411e\"><div class=\"fusion-title title fusion-title-5 fusion-sep-none fusion-title-center fusion-title-text fusion-title-size-two\" style=\"--awb-text-color:#59595b;--awb-margin-bottom:30px;--awb-margin-top-small:10px;--awb-margin-right-small:0px;--awb-margin-bottom-small:10px;--awb-margin-left-small:0px;--awb-font-size:30px;\"><h2 class=\"fusion-title-heading title-heading-center fusion-responsive-typography-calculated\" style=\"font-family:&quot;Open Sans&quot;;font-style:normal;font-weight:300;margin:0;font-size:1em;--fontSize:30;line-height:1.3;\"><span class=\"rojo\">els nostres punts<\/span> forts<\/h2><\/div>\n<div class=\"fusion-column-wrapper fusion-column-has-shadow fusion-flex-justify-content-flex-start fusion-content-layout-column\">\n<div class=\"fusion-text fusion-text-2 awb-text-cols fusion-text-columns-2\" style=\"--awb-columns: 2; --awb-column-spacing: 6em; --awb-column-min-width: 100px; --awb-rule-style: 1px solid var(--awb-color3);\">\n<p><span class=\"fusion-dropcap dropcap dropcap-boxed\" style=\"--awb-border-radius: 0px; --awb-color: var(--awb-color5); --awb-background: #f2f2f2;\">E<\/span>l nostre no \u00e9s un cava qualsevol: no hi fem servir clarificants qu\u00edmics, continuem remenant a m\u00e0, no congelem el coll de l\u2019ampolla per al degollament, sin\u00f3 que degollem en calent, com sempre s\u2019ha fet per respectar la qualitat del cava i, molt important, no treballem amb estoc, sin\u00f3 que degollem al moment, a mesura que ens van arribant les comandes.<\/p>\n<p>Els nostres caves no estan durant mesos al nostre magatzem amb el tap de suro i a l\u2019espera de ser venuts, sin\u00f3 que arriben al client amb el tap de suro acabat de posar: \u00e9s a dir, amb el m\u00e0xim termini de caducitat.<\/p>\n<p>Per aquest motiu, els nostres clients no es veuen for\u00e7ats a consumir el cava de manera precipitada perqu\u00e8 no es faci malb\u00e9, ja que la qualitat i frescor dels nostres taps de suro garanteixen que el cava es conservar\u00e0 en \u00f2ptimes condicions durant, com a m\u00ednim, 12 mesos.<\/p>\n<p>Una dada que cal tenir en compte: cap dels nostres brut nature no porta sucre afegit despr\u00e9s del degollament, contenen menys calories i els diab\u00e8tics els poden consumir amb moderaci\u00f3. Caves en estat pur. I, finalment, el client tracta directament amb nosaltres, els propietaris de la cava, de manera que la relaci\u00f3 \u00e9s molt directa i propera.\n<\/p><\/div>\n<\/div>\n<\/div><\/div><\/div><\/div><\/div><\/div><\/div><\/p>\n","protected":false},"excerpt":{"rendered":"","protected":false},"author":1,"featured_media":0,"parent":0,"menu_order":0,"comment_status":"closed","ping_status":"closed","template":"100-width.php","meta":{"footnotes":""},"class_list":["post-587","page","type-page","status-publish","hentry"],"yoast_head":"<!-- This site is optimized with the Yoast SEO plugin v27.4 - https:\/\/yoast.com\/product\/yoast-seo-wordpress\/ -->\n<title>Conde de Valicourt - La cava m\u00e9s petita i artesanal del Pened\u00e8s<\/title>\n<meta name=\"description\" content=\"La nostra \u00e9s la cava m\u00e9s petita i personal de Sant Sadurn\u00ed d&#039;Anoia, el bressol del cava. Pertanyem a la Denominaci\u00f3 d&#039;Origen CAVA des de la seva creaci\u00f3.\" \/>\n<meta name=\"robots\" content=\"index, follow, max-snippet:-1, max-image-preview:large, max-video-preview:-1\" \/>\n<link rel=\"canonical\" href=\"https:\/\/condedevalicourt.com\/ca\/coneix-nos\/\" \/>\n<meta property=\"og:locale\" content=\"ca_ES\" \/>\n<meta property=\"og:type\" content=\"article\" \/>\n<meta property=\"og:title\" content=\"Conde de Valicourt - La cava m\u00e9s petita i artesanal del Pened\u00e8s\" \/>\n<meta property=\"og:description\" content=\"La nostra \u00e9s la cava m\u00e9s petita i personal de Sant Sadurn\u00ed d&#039;Anoia, el bressol del cava. Pertanyem a la Denominaci\u00f3 d&#039;Origen CAVA des de la seva creaci\u00f3.\" \/>\n<meta property=\"og:url\" content=\"https:\/\/condedevalicourt.com\/ca\/coneix-nos\/\" \/>\n<meta property=\"og:site_name\" content=\"Conde de Valicourt - Cavas artesanos - Pened\u00e9s (Sant Sadurn\u00ed de Noia)\" \/>\n<meta property=\"article:modified_time\" content=\"2025-11-05T10:45:51+00:00\" \/>\n<meta name=\"twitter:card\" content=\"summary_large_image\" \/>\n<meta name=\"twitter:label1\" content=\"Temps estimat de lectura\" \/>\n\t<meta name=\"twitter:data1\" content=\"3 minuts\" \/>\n<script type=\"application\/ld+json\" class=\"yoast-schema-graph\">{\"@context\":\"https:\\\/\\\/schema.org\",\"@graph\":[{\"@type\":\"WebPage\",\"@id\":\"https:\\\/\\\/condedevalicourt.com\\\/ca\\\/coneix-nos\\\/\",\"url\":\"https:\\\/\\\/condedevalicourt.com\\\/ca\\\/coneix-nos\\\/\",\"name\":\"Conde de Valicourt - La cava m\u00e9s petita i artesanal del Pened\u00e8s\",\"isPartOf\":{\"@id\":\"https:\\\/\\\/condedevalicourt.com\\\/ca\\\/#website\"},\"datePublished\":\"2025-10-21T10:50:43+00:00\",\"dateModified\":\"2025-11-05T10:45:51+00:00\",\"description\":\"La nostra \u00e9s la cava m\u00e9s petita i personal de Sant Sadurn\u00ed d'Anoia, el bressol del cava. Pertanyem a la Denominaci\u00f3 d'Origen CAVA des de la seva creaci\u00f3.\",\"breadcrumb\":{\"@id\":\"https:\\\/\\\/condedevalicourt.com\\\/ca\\\/coneix-nos\\\/#breadcrumb\"},\"inLanguage\":\"ca\",\"potentialAction\":[{\"@type\":\"ReadAction\",\"target\":[\"https:\\\/\\\/condedevalicourt.com\\\/ca\\\/coneix-nos\\\/\"]}]},{\"@type\":\"BreadcrumbList\",\"@id\":\"https:\\\/\\\/condedevalicourt.com\\\/ca\\\/coneix-nos\\\/#breadcrumb\",\"itemListElement\":[{\"@type\":\"ListItem\",\"position\":1,\"name\":\"Portada\",\"item\":\"https:\\\/\\\/condedevalicourt.com\\\/ca\\\/\"},{\"@type\":\"ListItem\",\"position\":2,\"name\":\"Coneix-nos\"}]},{\"@type\":\"WebSite\",\"@id\":\"https:\\\/\\\/condedevalicourt.com\\\/ca\\\/#website\",\"url\":\"https:\\\/\\\/condedevalicourt.com\\\/ca\\\/\",\"name\":\"Conde de Valicourt - Cavas artesanos - Pened\u00e9s (Sant Sadurn\u00ed de Noia)\",\"description\":\"\",\"potentialAction\":[{\"@type\":\"SearchAction\",\"target\":{\"@type\":\"EntryPoint\",\"urlTemplate\":\"https:\\\/\\\/condedevalicourt.com\\\/ca\\\/?s={search_term_string}\"},\"query-input\":{\"@type\":\"PropertyValueSpecification\",\"valueRequired\":true,\"valueName\":\"search_term_string\"}}],\"inLanguage\":\"ca\"}]}<\/script>\n<!-- \/ Yoast SEO plugin. -->","yoast_head_json":{"title":"Conde de Valicourt - La cava m\u00e9s petita i artesanal del Pened\u00e8s","description":"La nostra \u00e9s la cava m\u00e9s petita i personal de Sant Sadurn\u00ed d'Anoia, el bressol del cava. Pertanyem a la Denominaci\u00f3 d'Origen CAVA des de la seva creaci\u00f3.","robots":{"index":"index","follow":"follow","max-snippet":"max-snippet:-1","max-image-preview":"max-image-preview:large","max-video-preview":"max-video-preview:-1"},"canonical":"https:\/\/condedevalicourt.com\/ca\/coneix-nos\/","og_locale":"ca_ES","og_type":"article","og_title":"Conde de Valicourt - La cava m\u00e9s petita i artesanal del Pened\u00e8s","og_description":"La nostra \u00e9s la cava m\u00e9s petita i personal de Sant Sadurn\u00ed d'Anoia, el bressol del cava. Pertanyem a la Denominaci\u00f3 d'Origen CAVA des de la seva creaci\u00f3.","og_url":"https:\/\/condedevalicourt.com\/ca\/coneix-nos\/","og_site_name":"Conde de Valicourt - Cavas artesanos - Pened\u00e9s (Sant Sadurn\u00ed de Noia)","article_modified_time":"2025-11-05T10:45:51+00:00","twitter_card":"summary_large_image","twitter_misc":{"Temps estimat de lectura":"3 minuts"},"schema":{"@context":"https:\/\/schema.org","@graph":[{"@type":"WebPage","@id":"https:\/\/condedevalicourt.com\/ca\/coneix-nos\/","url":"https:\/\/condedevalicourt.com\/ca\/coneix-nos\/","name":"Conde de Valicourt - La cava m\u00e9s petita i artesanal del Pened\u00e8s","isPartOf":{"@id":"https:\/\/condedevalicourt.com\/ca\/#website"},"datePublished":"2025-10-21T10:50:43+00:00","dateModified":"2025-11-05T10:45:51+00:00","description":"La nostra \u00e9s la cava m\u00e9s petita i personal de Sant Sadurn\u00ed d'Anoia, el bressol del cava. Pertanyem a la Denominaci\u00f3 d'Origen CAVA des de la seva creaci\u00f3.","breadcrumb":{"@id":"https:\/\/condedevalicourt.com\/ca\/coneix-nos\/#breadcrumb"},"inLanguage":"ca","potentialAction":[{"@type":"ReadAction","target":["https:\/\/condedevalicourt.com\/ca\/coneix-nos\/"]}]},{"@type":"BreadcrumbList","@id":"https:\/\/condedevalicourt.com\/ca\/coneix-nos\/#breadcrumb","itemListElement":[{"@type":"ListItem","position":1,"name":"Portada","item":"https:\/\/condedevalicourt.com\/ca\/"},{"@type":"ListItem","position":2,"name":"Coneix-nos"}]},{"@type":"WebSite","@id":"https:\/\/condedevalicourt.com\/ca\/#website","url":"https:\/\/condedevalicourt.com\/ca\/","name":"Conde de Valicourt - Cavas artesanos - Pened\u00e9s (Sant Sadurn\u00ed de Noia)","description":"","potentialAction":[{"@type":"SearchAction","target":{"@type":"EntryPoint","urlTemplate":"https:\/\/condedevalicourt.com\/ca\/?s={search_term_string}"},"query-input":{"@type":"PropertyValueSpecification","valueRequired":true,"valueName":"search_term_string"}}],"inLanguage":"ca"}]}},"_links":{"self":[{"href":"https:\/\/condedevalicourt.com\/ca\/wp-json\/wp\/v2\/pages\/587","targetHints":{"allow":["GET"]}}],"collection":[{"href":"https:\/\/condedevalicourt.com\/ca\/wp-json\/wp\/v2\/pages"}],"about":[{"href":"https:\/\/condedevalicourt.com\/ca\/wp-json\/wp\/v2\/types\/page"}],"author":[{"embeddable":true,"href":"https:\/\/condedevalicourt.com\/ca\/wp-json\/wp\/v2\/users\/1"}],"replies":[{"embeddable":true,"href":"https:\/\/condedevalicourt.com\/ca\/wp-json\/wp\/v2\/comments?post=587"}],"version-history":[{"count":0,"href":"https:\/\/condedevalicourt.com\/ca\/wp-json\/wp\/v2\/pages\/587\/revisions"}],"wp:attachment":[{"href":"https:\/\/condedevalicourt.com\/ca\/wp-json\/wp\/v2\/media?parent=587"}],"curies":[{"name":"wp","href":"https:\/\/api.w.org\/{rel}","templated":true}]}}